{"id":16,"date":"2024-03-11T11:52:05","date_gmt":"2024-03-11T11:52:05","guid":{"rendered":"https:\/\/www.juliamarkert.com\/de\/?page_id=16"},"modified":"2024-06-04T10:16:11","modified_gmt":"2024-06-04T10:16:11","slug":"uber-mich","status":"publish","type":"page","link":"https:\/\/www.juliamarkert.com\/de\/uber-mich\/","title":{"rendered":"\u00dcber mich"},"content":{"rendered":"\t\t<div data-elementor-type=\"wp-page\" data-elementor-id=\"16\" class=\"elementor elementor-16\" data-elementor-post-type=\"page\">\n\t\t\t\t<div class=\"elementor-element elementor-element-eb8e482 e-con-full e-flex e-con e-parent\" data-id=\"eb8e482\" data-element_type=\"container\" data-settings=\"{&quot;background_background&quot;:&quot;gradient&quot;}\">\n\t\t<div class=\"elementor-element elementor-element-c4777cf has-cut-corners e-flex e-con-boxed e-con e-child\" data-id=\"c4777cf\" data-element_type=\"container\" data-settings=\"{&quot;background_background&quot;:&quot;classic&quot;}\">\n\t\t\t\t\t<div class=\"e-con-inner\">\n\t\t\t\t<div class=\"elementor-element elementor-element-54483d8 elementor-absolute elementor-widget elementor-widget-image\" data-id=\"54483d8\" data-element_type=\"widget\" data-settings=\"{&quot;_position&quot;:&quot;absolute&quot;}\" data-widget_type=\"image.default\">\n\t\t\t\t<div class=\"elementor-widget-container\">\n\t\t\t\t\t\t\t\t\t\t\t\t\t\t\t<img fetchpriority=\"high\" decoding=\"async\" width=\"800\" height=\"800\" src=\"https:\/\/www.juliamarkert.com\/de\/wp-content\/uploads\/sites\/3\/2024\/03\/julia-markert-background-chi-sono-ellisse.svg\" class=\"attachment-large size-large wp-image-574\" alt=\"\" \/>\t\t\t\t\t\t\t\t\t\t\t\t\t\t\t<\/div>\n\t\t\t\t<\/div>\n\t\t<div class=\"elementor-element elementor-element-504dd93 e-con-full e-flex e-con e-child\" data-id=\"504dd93\" data-element_type=\"container\">\n\t\t<div class=\"elementor-element elementor-element-cb7326f e-con-full e-flex e-con e-child\" data-id=\"cb7326f\" data-element_type=\"container\">\n\t\t\t\t<div class=\"elementor-element elementor-element-2bd0599 elementor-widget elementor-widget-heading\" data-id=\"2bd0599\" data-element_type=\"widget\" data-widget_type=\"heading.default\">\n\t\t\t\t<div class=\"elementor-widget-container\">\n\t\t\t\t\t<h2 class=\"elementor-heading-title elementor-size-default\"><span style=\"text-transform: uppercase;color: var( --e-global-color-1eae4f7 );font-style: normal\">Ein antiker oder moderner Rahmen <\/span><br>ist ein eigenes Unikat und Kunstobjekt,<\/h2>\t\t\t\t<\/div>\n\t\t\t\t<\/div>\n\t\t\t\t<\/div>\n\t\t<div class=\"elementor-element elementor-element-7f2f546 e-con-full e-flex e-con e-child\" data-id=\"7f2f546\" data-element_type=\"container\">\n\t\t\t\t<div class=\"elementor-element elementor-element-69e234b elementor-widget elementor-widget-heading\" data-id=\"69e234b\" data-element_type=\"widget\" data-widget_type=\"heading.default\">\n\t\t\t\t<div class=\"elementor-widget-container\">\n\t\t\t\t\t<h2 class=\"elementor-heading-title elementor-size-default\">welches die Sch\u00f6nheit des Kunstwerkes <\/span><br><span style=\"text-transform: uppercase;color: var( --e-global-color-1eae4f7 );font-style: normal\">unterst\u00fctzt und hervorhebt<\/a><\/h2>\t\t\t\t<\/div>\n\t\t\t\t<\/div>\n\t\t\t\t<\/div>\n\t\t\t\t<\/div>\n\t\t\t\t\t<\/div>\n\t\t\t\t<\/div>\n\t\t\t\t<\/div>\n\t\t<div class=\"elementor-element elementor-element-a2a1087 e-flex e-con-boxed e-con e-parent\" data-id=\"a2a1087\" data-element_type=\"container\" data-settings=\"{&quot;background_background&quot;:&quot;classic&quot;}\">\n\t\t\t\t\t<div class=\"e-con-inner\">\n\t\t<div class=\"elementor-element elementor-element-6b2ff0f e-con-full e-flex e-con e-child\" data-id=\"6b2ff0f\" data-element_type=\"container\">\n\t\t\t\t<div class=\"elementor-element elementor-element-1f5ba5f elementor-widget elementor-widget-image\" data-id=\"1f5ba5f\" data-element_type=\"widget\" data-widget_type=\"image.default\">\n\t\t\t\t<div class=\"elementor-widget-container\">\n\t\t\t\t\t\t\t\t\t\t\t\t\t\t\t<img decoding=\"async\" width=\"800\" height=\"915\" src=\"https:\/\/www.juliamarkert.com\/de\/wp-content\/uploads\/sites\/3\/2024\/04\/julia-markert-chi-sono-02-A-resize-895x1024.jpg\" class=\"attachment-large size-large wp-image-1798\" alt=\"\" srcset=\"https:\/\/www.juliamarkert.com\/de\/wp-content\/uploads\/sites\/3\/2024\/04\/julia-markert-chi-sono-02-A-resize-895x1024.jpg 895w, https:\/\/www.juliamarkert.com\/de\/wp-content\/uploads\/sites\/3\/2024\/04\/julia-markert-chi-sono-02-A-resize-262x300.jpg 262w, https:\/\/www.juliamarkert.com\/de\/wp-content\/uploads\/sites\/3\/2024\/04\/julia-markert-chi-sono-02-A-resize-768x878.jpg 768w, https:\/\/www.juliamarkert.com\/de\/wp-content\/uploads\/sites\/3\/2024\/04\/julia-markert-chi-sono-02-A-resize.jpg 1100w\" sizes=\"(max-width: 800px) 100vw, 800px\" \/>\t\t\t\t\t\t\t\t\t\t\t\t\t\t\t<\/div>\n\t\t\t\t<\/div>\n\t\t\t\t<\/div>\n\t\t<div class=\"elementor-element elementor-element-a7cd5ab e-con-full e-flex e-con e-child\" data-id=\"a7cd5ab\" data-element_type=\"container\">\n\t\t\t\t<div class=\"elementor-element elementor-element-d2df365 elementor-widget elementor-widget-heading\" data-id=\"d2df365\" data-element_type=\"widget\" data-widget_type=\"heading.default\">\n\t\t\t\t<div class=\"elementor-widget-container\">\n\t\t\t\t\t<h2 class=\"elementor-heading-title elementor-size-default\">Julia Markert<\/h2>\t\t\t\t<\/div>\n\t\t\t\t<\/div>\n\t\t\t\t<div class=\"elementor-element elementor-element-b63466b elementor-widget elementor-widget-heading\" data-id=\"b63466b\" data-element_type=\"widget\" data-widget_type=\"heading.default\">\n\t\t\t\t<div class=\"elementor-widget-container\">\n\t\t\t\t\t<h2 class=\"elementor-heading-title elementor-size-default\">Meine Reise in Florenz<\/h2>\t\t\t\t<\/div>\n\t\t\t\t<\/div>\n\t\t\t\t<div class=\"elementor-element elementor-element-a0d9f4b elementor-widget elementor-widget-text-editor\" data-id=\"a0d9f4b\" data-element_type=\"widget\" data-widget_type=\"text-editor.default\">\n\t\t\t\t<div class=\"elementor-widget-container\">\n\t\t\t\t\t\t\t\t\t<p>Die Renaissance in den florentiner Gassen einatmend, habe ich als Hamburgerin meine k\u00fcnstlerische Heimat, in der Renaissancestadt gefunden.In der Via Romana 72R, nur einige Schritte vom Palazzo Pitti entfernt ist mein Handwerksatelier italienischer, antiker Rahmen, wo die Tradition des Restaurierens, der Repliken sowie der Vergoldung mit echtem Blattgold zum Leben erweckt werden.<\/p><p>Gleich nach meinem Abitur vor 33 Jahren verfiel ich der Kultur und Kunst vor Ort.Ich entschied mich f\u00fcr die Academie Palazzo Spinelli im Herzen von Florenz.<br \/>Weiterhin praktizierte ich in alteingesessenen traditionellen Werkst\u00e4tten, wobei ich mich auf Holzrestaurierung, Blattvergoldung und Rahmen spezialisierte.<\/p><p>Ende 1994 machte ich mich selbst\u00e4ndig, ein kleines Atelier im Gr\u00fcnen vor den Boboli G\u00e4rten, wo ich dem Schaffensdrang der Rahmenrepliken und Restaurierung nicht widerstehen konnte und meiner Leidenschaft der Kunst des Pr\u00e4zisionshandwerkes freien Lauf lie\u00df.<\/p>\t\t\t\t\t\t\t\t<\/div>\n\t\t\t\t<\/div>\n\t\t\t\t<\/div>\n\t\t\t\t\t<\/div>\n\t\t\t\t<\/div>\n\t\t<div class=\"elementor-element elementor-element-acb00cc has-curvy-top--light e-con-full e-flex e-con e-parent\" data-id=\"acb00cc\" data-element_type=\"container\" data-settings=\"{&quot;background_background&quot;:&quot;classic&quot;}\">\n\t\t<div class=\"elementor-element elementor-element-58f6a4c e-flex e-con-boxed e-con e-child\" data-id=\"58f6a4c\" data-element_type=\"container\">\n\t\t\t\t\t<div class=\"e-con-inner\">\n\t\t<div class=\"elementor-element elementor-element-a9cf839 has-striped-background e-flex e-con-boxed e-con e-child\" data-id=\"a9cf839\" data-element_type=\"container\">\n\t\t\t\t\t<div class=\"e-con-inner\">\n\t\t\t\t<div class=\"elementor-element elementor-element-1657d59 elementor-widget elementor-widget-image\" data-id=\"1657d59\" data-element_type=\"widget\" data-widget_type=\"image.default\">\n\t\t\t\t<div class=\"elementor-widget-container\">\n\t\t\t\t\t\t\t\t\t\t\t\t\t\t\t<img decoding=\"async\" width=\"800\" height=\"819\" src=\"https:\/\/www.juliamarkert.com\/de\/wp-content\/uploads\/sites\/3\/2024\/03\/julia-markert-chi-sono-03-1000x1024.jpg\" class=\"attachment-large size-large wp-image-630\" alt=\"\" srcset=\"https:\/\/www.juliamarkert.com\/de\/wp-content\/uploads\/sites\/3\/2024\/03\/julia-markert-chi-sono-03-1000x1024.jpg 1000w, https:\/\/www.juliamarkert.com\/de\/wp-content\/uploads\/sites\/3\/2024\/03\/julia-markert-chi-sono-03-293x300.jpg 293w, https:\/\/www.juliamarkert.com\/de\/wp-content\/uploads\/sites\/3\/2024\/03\/julia-markert-chi-sono-03-768x786.jpg 768w, https:\/\/www.juliamarkert.com\/de\/wp-content\/uploads\/sites\/3\/2024\/03\/julia-markert-chi-sono-03.jpg 1100w\" sizes=\"(max-width: 800px) 100vw, 800px\" \/>\t\t\t\t\t\t\t\t\t\t\t\t\t\t\t<\/div>\n\t\t\t\t<\/div>\n\t\t\t\t\t<\/div>\n\t\t\t\t<\/div>\n\t\t\t\t\t<\/div>\n\t\t\t\t<\/div>\n\t\t<div class=\"elementor-element elementor-element-976d25b has-striped-background  e-flex e-con-boxed e-con e-child\" data-id=\"976d25b\" data-element_type=\"container\">\n\t\t\t\t\t<div class=\"e-con-inner\">\n\t\t<div class=\"elementor-element elementor-element-869fe52 e-con-full e-flex e-con e-child\" data-id=\"869fe52\" data-element_type=\"container\">\n\t\t\t\t<div class=\"elementor-element elementor-element-dfc7019 elementor-widget elementor-widget-heading\" data-id=\"dfc7019\" data-element_type=\"widget\" data-widget_type=\"heading.default\">\n\t\t\t\t<div class=\"elementor-widget-container\">\n\t\t\t\t\t<h2 class=\"elementor-heading-title elementor-size-default\"><span style=\"font-style: normal\">W\u00c4CHTER<\/span> der Tradition<\/h2>\t\t\t\t<\/div>\n\t\t\t\t<\/div>\n\t\t<div class=\"elementor-element elementor-element-5e50a40 e-con-full e-flex e-con e-child\" data-id=\"5e50a40\" data-element_type=\"container\">\n\t\t<div class=\"elementor-element elementor-element-5b8647b e-con-full e-flex e-con e-child\" data-id=\"5b8647b\" data-element_type=\"container\">\n\t\t\t\t<div class=\"elementor-element elementor-element-4679368 elementor-widget elementor-widget-heading\" data-id=\"4679368\" data-element_type=\"widget\" data-widget_type=\"heading.default\">\n\t\t\t\t<div class=\"elementor-widget-container\">\n\t\t\t\t\t<p class=\"elementor-heading-title elementor-size-default\">Ein Erbe wiedergeborener Kunst<\/p>\t\t\t\t<\/div>\n\t\t\t\t<\/div>\n\t\t\t\t<\/div>\n\t\t<div class=\"elementor-element elementor-element-adecdb6 e-con-full e-flex e-con e-child\" data-id=\"adecdb6\" data-element_type=\"container\">\n\t\t\t\t<div class=\"elementor-element elementor-element-39c9f1a elementor-widget elementor-widget-text-editor\" data-id=\"39c9f1a\" data-element_type=\"widget\" data-widget_type=\"text-editor.default\">\n\t\t\t\t<div class=\"elementor-widget-container\">\n\t\t\t\t\t\t\t\t\t<p>\u00dcber die letzten 20 Jahre steht Julia Markert als Synonym f\u00fcr Exzellez im internationalen Kunstmarkt, eine anerkannte Fachkraft im Bereich der Rahmenkunst f\u00fcr Antiquit\u00e4tenh\u00e4ndler, Gallerien, Museen und Sammler.<\/p><p>Die Einzigartigkeit meiner Repliken resultiert aus den authentischen und traditionellen Abeitsvorg\u00e4ngen und Methodiken, welche Zuwendung und Pr\u00e4zision abverlangt.<\/p><p>Meine Leidenschaft geht \u00fcber die eigentliche Restaurierung oder den perfekten Rahmen als Verbindung zum Kunstwerk hinaus; mein eigentliches Ziel ist es, die perfekte Umrahmung eines jeden Details der Antike zu schaffen- au\u00dferdem nicht nur das Kunstwerk hervorzuheben, sondern ein eigenes unabh\u00e4ngiges Kunstobjekt zu kreieren.<\/p>\t\t\t\t\t\t\t\t<\/div>\n\t\t\t\t<\/div>\n\t\t\t\t<\/div>\n\t\t\t\t<\/div>\n\t\t\t\t<\/div>\n\t\t\t\t\t<\/div>\n\t\t\t\t<\/div>\n\t\t<div class=\"elementor-element elementor-element-f82a1ac elementor-hidden-mobile has-striped-background  e-flex e-con-boxed e-con e-child\" data-id=\"f82a1ac\" data-element_type=\"container\">\n\t\t\t\t\t<div class=\"e-con-inner\">\n\t\t<div class=\"elementor-element elementor-element-e43fed2 e-con-full e-flex e-con e-child\" data-id=\"e43fed2\" data-element_type=\"container\">\n\t\t<div class=\"elementor-element elementor-element-0b2eb2b e-con-full e-flex e-con e-child\" data-id=\"0b2eb2b\" data-element_type=\"container\">\n\t\t\t\t<div class=\"elementor-element elementor-element-07e20e2 elementor-widget elementor-widget-heading\" data-id=\"07e20e2\" data-element_type=\"widget\" data-widget_type=\"heading.default\">\n\t\t\t\t<div class=\"elementor-widget-container\">\n\t\t\t\t\t<h2 class=\"elementor-heading-title elementor-size-default\">Die Geschichte <span style=\"font-style: normal\"><br>DES RAHMENS<\/span><\/h2>\t\t\t\t<\/div>\n\t\t\t\t<\/div>\n\t\t\t\t<\/div>\n\t\t<div class=\"elementor-element elementor-element-75b5ab9 e-con-full e-flex e-con e-child\" data-id=\"75b5ab9\" data-element_type=\"container\">\n\t\t\t\t<div class=\"elementor-element elementor-element-a833e82 elementor-widget elementor-widget-heading\" data-id=\"a833e82\" data-element_type=\"widget\" data-widget_type=\"heading.default\">\n\t\t\t\t<div class=\"elementor-widget-container\">\n\t\t\t\t\t<p class=\"elementor-heading-title elementor-size-default\">Von mittelalterlichen Grotten bis zu Renaissances\u00e4len<\/p>\t\t\t\t<\/div>\n\t\t\t\t<\/div>\n\t\t\t\t<\/div>\n\t\t\t\t<\/div>\n\t\t<div class=\"elementor-element elementor-element-845b5ce e-con-full e-flex e-con e-child\" data-id=\"845b5ce\" data-element_type=\"container\">\n\t\t<div class=\"elementor-element elementor-element-f620ff3 e-con-full e-flex e-con e-child\" data-id=\"f620ff3\" data-element_type=\"container\">\n\t\t\t\t<div class=\"elementor-element elementor-element-2d4f9e7 elementor-widget elementor-widget-image\" data-id=\"2d4f9e7\" data-element_type=\"widget\" data-widget_type=\"image.default\">\n\t\t\t\t<div class=\"elementor-widget-container\">\n\t\t\t\t\t\t\t\t\t\t\t\t\t\t\t<img loading=\"lazy\" decoding=\"async\" width=\"800\" height=\"641\" src=\"https:\/\/www.juliamarkert.com\/de\/wp-content\/uploads\/sites\/3\/2024\/03\/julia-markert-chi-sono-04-A-1024x821.png\" class=\"attachment-large size-large wp-image-654\" alt=\"\" srcset=\"https:\/\/www.juliamarkert.com\/de\/wp-content\/uploads\/sites\/3\/2024\/03\/julia-markert-chi-sono-04-A-1024x821.png 1024w, https:\/\/www.juliamarkert.com\/de\/wp-content\/uploads\/sites\/3\/2024\/03\/julia-markert-chi-sono-04-A-300x241.png 300w, https:\/\/www.juliamarkert.com\/de\/wp-content\/uploads\/sites\/3\/2024\/03\/julia-markert-chi-sono-04-A-768x616.png 768w, https:\/\/www.juliamarkert.com\/de\/wp-content\/uploads\/sites\/3\/2024\/03\/julia-markert-chi-sono-04-A-1536x1232.png 1536w, https:\/\/www.juliamarkert.com\/de\/wp-content\/uploads\/sites\/3\/2024\/03\/julia-markert-chi-sono-04-A.png 2000w\" sizes=\"(max-width: 800px) 100vw, 800px\" \/>\t\t\t\t\t\t\t\t\t\t\t\t\t\t\t<\/div>\n\t\t\t\t<\/div>\n\t\t\t\t<\/div>\n\t\t<div class=\"elementor-element elementor-element-3f0b9ba e-con-full e-flex e-con e-child\" data-id=\"3f0b9ba\" data-element_type=\"container\">\n\t\t\t\t<div class=\"elementor-element elementor-element-c1c9083 elementor-widget elementor-widget-text-editor\" data-id=\"c1c9083\" data-element_type=\"widget\" data-widget_type=\"text-editor.default\">\n\t\t\t\t<div class=\"elementor-widget-container\">\n\t\t\t\t\t\t\t\t\t<p>Der Rahmen als wichtige Komponente, hat seine Wurzeln in weiter Vergangenheit: eine faszinierende Reise als puristische Abgrenzung hin zum fundamentalen k\u00fcnstlerischen Ornament.<\/p><p>Beginnend mit den ersten fr\u00fchen k\u00fcnstlerischen Anzeichen der prehistorischen Grotten, entstand der Rahmen als schlichtes abgrenzendes Element in H\u00f6hlen, um sich mit der Kunst zu enwickeln, zu dekorativen Elementen in den Tempeln und in mittelalterlichen Kirchen.<\/p><p>Zur Zeit des Mittelalters schm\u00fcckten Umrahmungen die Altare, symbolisch und funktional.<br \/>Erst zur Zeit der Renaissance wurde der Rahmen ein unabh\u00e4ngiges Element, auf dem Wege zur Autonomie, als einfache Umrahmung transformiert es sich in ein Objekt, welches das Kunstwerk bereichert und\u00a0diesem noch zus\u00e4tzlich ein Hauch von Eleganz und Stil verleitet.<\/p>\t\t\t\t\t\t\t\t<\/div>\n\t\t\t\t<\/div>\n\t\t\t\t<div class=\"elementor-element elementor-element-f5d11c8 elementor-align-center elementor-widget__width-inherit elementor-hidden-desktop elementor-hidden-tablet elementor-hidden-mobile elementor-widget elementor-widget-button\" data-id=\"f5d11c8\" data-element_type=\"widget\" data-widget_type=\"button.default\">\n\t\t\t\t<div class=\"elementor-widget-container\">\n\t\t\t\t\t\t\t\t\t<div class=\"elementor-button-wrapper\">\n\t\t\t\t\t<a class=\"elementor-button elementor-button-link elementor-size-sm\" href=\"#elementor-action%3Aaction%3Dpopup%3Aopen%26settings%3DeyJpZCI6IjQ2MiIsInRvZ2dsZSI6ZmFsc2V9\">\n\t\t\t\t\t\t<span class=\"elementor-button-content-wrapper\">\n\t\t\t\t\t\t\t\t\t<span class=\"elementor-button-text\">Hin zum Blog<\/span>\n\t\t\t\t\t<\/span>\n\t\t\t\t\t<\/a>\n\t\t\t\t<\/div>\n\t\t\t\t\t\t\t\t<\/div>\n\t\t\t\t<\/div>\n\t\t\t\t<\/div>\n\t\t<div class=\"elementor-element elementor-element-6f36d58 e-con-full e-flex e-con e-child\" data-id=\"6f36d58\" data-element_type=\"container\">\n\t\t\t\t<div class=\"elementor-element elementor-element-5671a82 elementor-widget elementor-widget-image\" data-id=\"5671a82\" data-element_type=\"widget\" data-widget_type=\"image.default\">\n\t\t\t\t<div class=\"elementor-widget-container\">\n\t\t\t\t\t\t\t\t\t\t\t\t\t\t\t<img loading=\"lazy\" decoding=\"async\" width=\"800\" height=\"1021\" src=\"https:\/\/www.juliamarkert.com\/de\/wp-content\/uploads\/sites\/3\/2024\/03\/julia-markert-chi-sono-04-B-802x1024.png\" class=\"attachment-large size-large wp-image-653\" alt=\"\" srcset=\"https:\/\/www.juliamarkert.com\/de\/wp-content\/uploads\/sites\/3\/2024\/03\/julia-markert-chi-sono-04-B-802x1024.png 802w, https:\/\/www.juliamarkert.com\/de\/wp-content\/uploads\/sites\/3\/2024\/03\/julia-markert-chi-sono-04-B-235x300.png 235w, https:\/\/www.juliamarkert.com\/de\/wp-content\/uploads\/sites\/3\/2024\/03\/julia-markert-chi-sono-04-B-768x981.png 768w, https:\/\/www.juliamarkert.com\/de\/wp-content\/uploads\/sites\/3\/2024\/03\/julia-markert-chi-sono-04-B-1203x1536.png 1203w, https:\/\/www.juliamarkert.com\/de\/wp-content\/uploads\/sites\/3\/2024\/03\/julia-markert-chi-sono-04-B.png 1566w\" sizes=\"(max-width: 800px) 100vw, 800px\" \/>\t\t\t\t\t\t\t\t\t\t\t\t\t\t\t<\/div>\n\t\t\t\t<\/div>\n\t\t\t\t<\/div>\n\t\t\t\t<\/div>\n\t\t\t\t\t<\/div>\n\t\t\t\t<\/div>\n\t\t<div class=\"elementor-element elementor-element-4da08e0 elementor-hidden-desktop elementor-hidden-tablet has-striped-background  e-flex e-con-boxed e-con e-child\" data-id=\"4da08e0\" data-element_type=\"container\">\n\t\t\t\t\t<div class=\"e-con-inner\">\n\t\t<div class=\"elementor-element elementor-element-6a39779 e-con-full e-flex e-con e-child\" data-id=\"6a39779\" data-element_type=\"container\" data-settings=\"{&quot;background_background&quot;:&quot;classic&quot;}\">\n\t\t\t\t<\/div>\n\t\t<div class=\"elementor-element elementor-element-0463057 e-con-full e-flex e-con e-child\" data-id=\"0463057\" data-element_type=\"container\">\n\t\t\t\t<div class=\"elementor-element elementor-element-651e549 elementor-widget elementor-widget-heading\" data-id=\"651e549\" data-element_type=\"widget\" data-widget_type=\"heading.default\">\n\t\t\t\t<div class=\"elementor-widget-container\">\n\t\t\t\t\t<h2 class=\"elementor-heading-title elementor-size-default\">Die Geschichte <span style=\"font-style: normal\"><br>DES RAHMENS<\/span><\/h2>\t\t\t\t<\/div>\n\t\t\t\t<\/div>\n\t\t\t\t<div class=\"elementor-element elementor-element-024cf3f elementor-widget elementor-widget-heading\" data-id=\"024cf3f\" data-element_type=\"widget\" data-widget_type=\"heading.default\">\n\t\t\t\t<div class=\"elementor-widget-container\">\n\t\t\t\t\t<p class=\"elementor-heading-title elementor-size-default\">Von mittelalterlichen Grotten bis zu Renaissances\u00e4len<\/p>\t\t\t\t<\/div>\n\t\t\t\t<\/div>\n\t\t\t\t<div class=\"elementor-element elementor-element-b94b3e0 elementor-widget elementor-widget-text-editor\" data-id=\"b94b3e0\" data-element_type=\"widget\" data-widget_type=\"text-editor.default\">\n\t\t\t\t<div class=\"elementor-widget-container\">\n\t\t\t\t\t\t\t\t\t<p>Der Rahmen als wichtige Komponente, hat seine Wurzeln in weiter Vergangenheit: eine faszinierende Reise als puristische Abgrenzung hin zum fundamentalen k\u00fcnstlerischen Ornament.<\/p><p>Beginnend mit den ersten fr\u00fchen k\u00fcnstlerischen Anzeichen der prehistorischen Grotten, entstand der Rahmen als schlichtes abgrenzendes Element in H\u00f6hlen, um sich mit der Kunst zu enwickeln, zu dekorativen Elementen in den Tempeln und in mittelalterlichen Kirchen.<\/p><p>Zur Zeit des Mittelalters schm\u00fcckten Umrahmungen die Altare, symbolisch und funktional.<br \/>Erst zur Zeit der Renaissance wurde der Rahmen ein unabh\u00e4ngiges Element, auf dem Wege zur Autonomie, als einfache Umrahmung transformiert es sich in ein Objekt, welches das Kunstwerk bereichert und diesem noch zus\u00e4tzlich ein Hauch von Eleganz und Stil verleitet.<\/p>\t\t\t\t\t\t\t\t<\/div>\n\t\t\t\t<\/div>\n\t\t\t\t<\/div>\n\t\t<div class=\"elementor-element elementor-element-67f84a9 e-con-full e-flex e-con e-child\" data-id=\"67f84a9\" data-element_type=\"container\" data-settings=\"{&quot;background_background&quot;:&quot;classic&quot;}\">\n\t\t\t\t<\/div>\n\t\t\t\t\t<\/div>\n\t\t\t\t<\/div>\n\t\t\t\t<\/div>\n\t\t<div class=\"elementor-element elementor-element-a3c25de e-flex e-con-boxed e-con e-parent\" data-id=\"a3c25de\" data-element_type=\"container\" data-settings=\"{&quot;background_background&quot;:&quot;classic&quot;}\">\n\t\t\t\t\t<div class=\"e-con-inner\">\n\t\t<div class=\"elementor-element elementor-element-bfba7ad e-con-full e-flex e-con e-child\" data-id=\"bfba7ad\" data-element_type=\"container\">\n\t\t\t\t<div class=\"elementor-element elementor-element-c5c782f elementor-widget elementor-widget-heading\" data-id=\"c5c782f\" data-element_type=\"widget\" data-widget_type=\"heading.default\">\n\t\t\t\t<div class=\"elementor-widget-container\">\n\t\t\t\t\t<h2 class=\"elementor-heading-title elementor-size-default\">Die Kunst <span style=\"font-style: normal\"><br> DER RAHMEN<\/span><\/h2>\t\t\t\t<\/div>\n\t\t\t\t<\/div>\n\t\t<div class=\"elementor-element elementor-element-93f1ffd e-con-full e-flex e-con e-child\" data-id=\"93f1ffd\" data-element_type=\"container\">\n\t\t<div class=\"elementor-element elementor-element-e023636 e-con-full e-flex e-con e-child\" data-id=\"e023636\" data-element_type=\"container\">\n\t\t\t\t<div class=\"elementor-element elementor-element-fec19d1 elementor-widget elementor-widget-heading\" data-id=\"fec19d1\" data-element_type=\"widget\" data-widget_type=\"heading.default\">\n\t\t\t\t<div class=\"elementor-widget-container\">\n\t\t\t\t\t<p class=\"elementor-heading-title elementor-size-default\">Eine Reise durch die Handwerkstechniken<\/p>\t\t\t\t<\/div>\n\t\t\t\t<\/div>\n\t\t\t\t<\/div>\n\t\t<div class=\"elementor-element elementor-element-cd10c1a e-con-full e-flex e-con e-child\" data-id=\"cd10c1a\" data-element_type=\"container\">\n\t\t\t\t<div class=\"elementor-element elementor-element-2b984c3 elementor-widget elementor-widget-text-editor\" data-id=\"2b984c3\" data-element_type=\"widget\" data-widget_type=\"text-editor.default\">\n\t\t\t\t<div class=\"elementor-widget-container\">\n\t\t\t\t\t\t\t\t\t<p>Die Verwandlung der Rahmen, von einfachen Holzelementen zu filigran verarbeiteten Kunstwerken erz\u00e4hlt eine wahrlich faszinierende Geschichte.Seit der Gotik haben sich die Rahmen evolutioniert, in Schnitzerei und Stuckarbeit bereichert um auf dem H\u00f6chstpunkt des 18. Jahrhunderts den einzigartig elegantel Stil der Rocaille zu erlangen.<\/p><p>Die Vergoldung, ein kennzeichnendes Charakteristika der Rahmen, hat mehrere Phasen durchlaufen, wobei sich die Polimentvergoldung hervorhebend manifestiert. Diese Blattgoldtechnik, welche sich als edelste Kunstform erweist und bereits im Bereich der Ikonen, Gem\u00e4lde und Rahmen um das Jahr 1200 angewandt wurde.<\/p><p>Eine Reise durch die Zeiten beschreibt inwieweit die unterschiedlichen Stilrichtungen der Ornamente bezeichnend sind und inwiefern eine Rahmung nicht nur ein Anhang darstellt:<br \/>Die Rahmen besitzen eine eigene Expressivit\u00e4t hinsichtlich ihrer Epoche und Stilrichtung und bereichern das visuelle Bild, welches jedes Kunstwerk darstellt.<\/p>\t\t\t\t\t\t\t\t<\/div>\n\t\t\t\t<\/div>\n\t\t<div class=\"elementor-element elementor-element-f75078c e-con-full elementor-hidden-desktop elementor-hidden-tablet elementor-hidden-mobile e-flex e-con e-child\" data-id=\"f75078c\" data-element_type=\"container\">\n\t\t\t\t<div class=\"elementor-element elementor-element-a9e09c4 elementor-widget-divider--view-line elementor-widget elementor-widget-divider\" data-id=\"a9e09c4\" data-element_type=\"widget\" data-widget_type=\"divider.default\">\n\t\t\t\t<div class=\"elementor-widget-container\">\n\t\t\t\t\t\t\t<div class=\"elementor-divider\">\n\t\t\t<span class=\"elementor-divider-separator\">\n\t\t\t\t\t\t<\/span>\n\t\t<\/div>\n\t\t\t\t\t\t<\/div>\n\t\t\t\t<\/div>\n\t\t\t\t<div class=\"elementor-element elementor-element-6767a0a elementor-widget elementor-widget-button\" data-id=\"6767a0a\" data-element_type=\"widget\" data-widget_type=\"button.default\">\n\t\t\t\t<div class=\"elementor-widget-container\">\n\t\t\t\t\t\t\t\t\t<div class=\"elementor-button-wrapper\">\n\t\t\t\t\t<a class=\"elementor-button elementor-button-link elementor-size-sm\" href=\"#\">\n\t\t\t\t\t\t<span class=\"elementor-button-content-wrapper\">\n\t\t\t\t\t\t\t\t\t<span class=\"elementor-button-text\">Zum Blog<\/span>\n\t\t\t\t\t<\/span>\n\t\t\t\t\t<\/a>\n\t\t\t\t<\/div>\n\t\t\t\t\t\t\t\t<\/div>\n\t\t\t\t<\/div>\n\t\t\t\t<\/div>\n\t\t\t\t<\/div>\n\t\t\t\t<\/div>\n\t\t\t\t<\/div>\n\t\t\t\t\t<\/div>\n\t\t\t\t<\/div>\n\t\t\t\t<\/div>\n\t\t","protected":false},"excerpt":{"rendered":"<p>Ein antiker oder moderner Rahmen ist ein eigenes Unikat und Kunstobjekt, welches die Sch\u00f6nheit des Kunstwerkes unterst\u00fctzt und hervorhebt Julia Markert Meine Reise in Florenz Die Renaissance in den florentiner Gassen einatmend, habe ich als Hamburgerin meine k\u00fcnstlerische Heimat, in der Renaissancestadt gefunden.In der Via Romana 72R, nur einige Schritte vom Palazzo Pitti entfernt ist [&hellip;]<\/p>\n","protected":false},"author":1,"featured_media":0,"parent":0,"menu_order":0,"comment_status":"closed","ping_status":"closed","template":"","meta":{"_acf_changed":false,"inline_featured_image":false,"footnotes":""},"class_list":["post-16","page","type-page","status-publish","hentry"],"acf":[],"yoast_head":"<!-- This site is optimized with the Yoast SEO plugin v26.8 - https:\/\/yoast.com\/product\/yoast-seo-wordpress\/ -->\n<title>\u00dcber Julia Markert: Rahmungskunst in Florenz<\/title>\n<meta name=\"description\" content=\"Entdecken Sie die Reise von Julia Markert, einer renommierten Rahmenk\u00fcnstlerin in Florenz mit Fachkenntnissen in Restaurierung und Vergoldung.\" \/>\n<meta name=\"robots\" content=\"index, follow, max-snippet:-1, max-image-preview:large, max-video-preview:-1\" \/>\n<link rel=\"canonical\" href=\"https:\/\/www.juliamarkert.com\/de\/uber-mich\/\" \/>\n<meta property=\"og:locale\" content=\"de_DE\" \/>\n<meta property=\"og:type\" content=\"article\" \/>\n<meta property=\"og:title\" content=\"\u00dcber Julia Markert: Rahmungskunst in Florenz\" \/>\n<meta property=\"og:description\" content=\"Entdecken Sie die Reise von Julia Markert, einer renommierten Rahmenk\u00fcnstlerin in Florenz mit Fachkenntnissen in Restaurierung und Vergoldung.\" \/>\n<meta property=\"og:url\" content=\"https:\/\/www.juliamarkert.com\/de\/uber-mich\/\" \/>\n<meta property=\"og:site_name\" content=\"Julia Markert\" \/>\n<meta property=\"article:modified_time\" content=\"2024-06-04T10:16:11+00:00\" \/>\n<meta property=\"og:image\" content=\"http:\/\/www.juliamarkert.com\/de\/wp-content\/uploads\/sites\/3\/2024\/03\/julia-markert-background-chi-sono-ellisse.svg\" \/>\n<meta name=\"twitter:card\" content=\"summary_large_image\" \/>\n<meta name=\"twitter:label1\" content=\"Gesch\u00e4tzte Lesezeit\" \/>\n\t<meta name=\"twitter:data1\" content=\"5\u00a0Minuten\" \/>\n<script type=\"application\/ld+json\" class=\"yoast-schema-graph\">{\"@context\":\"https:\/\/schema.org\",\"@graph\":[{\"@type\":\"WebPage\",\"@id\":\"https:\/\/www.juliamarkert.com\/de\/uber-mich\/\",\"url\":\"https:\/\/www.juliamarkert.com\/de\/uber-mich\/\",\"name\":\"\u00dcber Julia Markert: Rahmungskunst in Florenz\",\"isPartOf\":{\"@id\":\"https:\/\/www.juliamarkert.com\/de\/#website\"},\"primaryImageOfPage\":{\"@id\":\"https:\/\/www.juliamarkert.com\/de\/uber-mich\/#primaryimage\"},\"image\":{\"@id\":\"https:\/\/www.juliamarkert.com\/de\/uber-mich\/#primaryimage\"},\"thumbnailUrl\":\"http:\/\/www.juliamarkert.com\/de\/wp-content\/uploads\/sites\/3\/2024\/03\/julia-markert-background-chi-sono-ellisse.svg\",\"datePublished\":\"2024-03-11T11:52:05+00:00\",\"dateModified\":\"2024-06-04T10:16:11+00:00\",\"description\":\"Entdecken Sie die Reise von Julia Markert, einer renommierten Rahmenk\u00fcnstlerin in Florenz mit Fachkenntnissen in Restaurierung und Vergoldung.\",\"breadcrumb\":{\"@id\":\"https:\/\/www.juliamarkert.com\/de\/uber-mich\/#breadcrumb\"},\"inLanguage\":\"de\",\"potentialAction\":[{\"@type\":\"ReadAction\",\"target\":[\"https:\/\/www.juliamarkert.com\/de\/uber-mich\/\"]}]},{\"@type\":\"ImageObject\",\"inLanguage\":\"de\",\"@id\":\"https:\/\/www.juliamarkert.com\/de\/uber-mich\/#primaryimage\",\"url\":\"http:\/\/www.juliamarkert.com\/de\/wp-content\/uploads\/sites\/3\/2024\/03\/julia-markert-background-chi-sono-ellisse.svg\",\"contentUrl\":\"http:\/\/www.juliamarkert.com\/de\/wp-content\/uploads\/sites\/3\/2024\/03\/julia-markert-background-chi-sono-ellisse.svg\"},{\"@type\":\"BreadcrumbList\",\"@id\":\"https:\/\/www.juliamarkert.com\/de\/uber-mich\/#breadcrumb\",\"itemListElement\":[{\"@type\":\"ListItem\",\"position\":1,\"name\":\"Home\",\"item\":\"http:\/\/www.juliamarkert.com\/de\/\"},{\"@type\":\"ListItem\",\"position\":2,\"name\":\"\u00dcber mich\"}]},{\"@type\":\"WebSite\",\"@id\":\"https:\/\/www.juliamarkert.com\/de\/#website\",\"url\":\"https:\/\/www.juliamarkert.com\/de\/\",\"name\":\"Julia Markert\",\"description\":\"Traditional Antique&amp; Replica Frames\",\"publisher\":{\"@id\":\"https:\/\/www.juliamarkert.com\/de\/#organization\"},\"potentialAction\":[{\"@type\":\"SearchAction\",\"target\":{\"@type\":\"EntryPoint\",\"urlTemplate\":\"https:\/\/www.juliamarkert.com\/de\/?s={search_term_string}\"},\"query-input\":{\"@type\":\"PropertyValueSpecification\",\"valueRequired\":true,\"valueName\":\"search_term_string\"}}],\"inLanguage\":\"de\"},{\"@type\":\"Organization\",\"@id\":\"https:\/\/www.juliamarkert.com\/de\/#organization\",\"name\":\"Julia Markert\",\"url\":\"https:\/\/www.juliamarkert.com\/de\/\",\"logo\":{\"@type\":\"ImageObject\",\"inLanguage\":\"de\",\"@id\":\"https:\/\/www.juliamarkert.com\/de\/#\/schema\/logo\/image\/\",\"url\":\"https:\/\/www.juliamarkert.com\/de\/wp-content\/uploads\/sites\/3\/2024\/03\/julia-markert-logo-verticale-bianco-colori.png\",\"contentUrl\":\"https:\/\/www.juliamarkert.com\/de\/wp-content\/uploads\/sites\/3\/2024\/03\/julia-markert-logo-verticale-bianco-colori.png\",\"width\":943,\"height\":769,\"caption\":\"Julia Markert\"},\"image\":{\"@id\":\"https:\/\/www.juliamarkert.com\/de\/#\/schema\/logo\/image\/\"}}]}<\/script>\n<!-- \/ Yoast SEO plugin. -->","yoast_head_json":{"title":"\u00dcber Julia Markert: Rahmungskunst in Florenz","description":"Entdecken Sie die Reise von Julia Markert, einer renommierten Rahmenk\u00fcnstlerin in Florenz mit Fachkenntnissen in Restaurierung und Vergoldung.","robots":{"index":"index","follow":"follow","max-snippet":"max-snippet:-1","max-image-preview":"max-image-preview:large","max-video-preview":"max-video-preview:-1"},"canonical":"https:\/\/www.juliamarkert.com\/de\/uber-mich\/","og_locale":"de_DE","og_type":"article","og_title":"\u00dcber Julia Markert: Rahmungskunst in Florenz","og_description":"Entdecken Sie die Reise von Julia Markert, einer renommierten Rahmenk\u00fcnstlerin in Florenz mit Fachkenntnissen in Restaurierung und Vergoldung.","og_url":"https:\/\/www.juliamarkert.com\/de\/uber-mich\/","og_site_name":"Julia Markert","article_modified_time":"2024-06-04T10:16:11+00:00","og_image":[{"url":"http:\/\/www.juliamarkert.com\/de\/wp-content\/uploads\/sites\/3\/2024\/03\/julia-markert-background-chi-sono-ellisse.svg","type":"","width":"","height":""}],"twitter_card":"summary_large_image","twitter_misc":{"Gesch\u00e4tzte Lesezeit":"5\u00a0Minuten"},"schema":{"@context":"https:\/\/schema.org","@graph":[{"@type":"WebPage","@id":"https:\/\/www.juliamarkert.com\/de\/uber-mich\/","url":"https:\/\/www.juliamarkert.com\/de\/uber-mich\/","name":"\u00dcber Julia Markert: Rahmungskunst in Florenz","isPartOf":{"@id":"https:\/\/www.juliamarkert.com\/de\/#website"},"primaryImageOfPage":{"@id":"https:\/\/www.juliamarkert.com\/de\/uber-mich\/#primaryimage"},"image":{"@id":"https:\/\/www.juliamarkert.com\/de\/uber-mich\/#primaryimage"},"thumbnailUrl":"http:\/\/www.juliamarkert.com\/de\/wp-content\/uploads\/sites\/3\/2024\/03\/julia-markert-background-chi-sono-ellisse.svg","datePublished":"2024-03-11T11:52:05+00:00","dateModified":"2024-06-04T10:16:11+00:00","description":"Entdecken Sie die Reise von Julia Markert, einer renommierten Rahmenk\u00fcnstlerin in Florenz mit Fachkenntnissen in Restaurierung und Vergoldung.","breadcrumb":{"@id":"https:\/\/www.juliamarkert.com\/de\/uber-mich\/#breadcrumb"},"inLanguage":"de","potentialAction":[{"@type":"ReadAction","target":["https:\/\/www.juliamarkert.com\/de\/uber-mich\/"]}]},{"@type":"ImageObject","inLanguage":"de","@id":"https:\/\/www.juliamarkert.com\/de\/uber-mich\/#primaryimage","url":"http:\/\/www.juliamarkert.com\/de\/wp-content\/uploads\/sites\/3\/2024\/03\/julia-markert-background-chi-sono-ellisse.svg","contentUrl":"http:\/\/www.juliamarkert.com\/de\/wp-content\/uploads\/sites\/3\/2024\/03\/julia-markert-background-chi-sono-ellisse.svg"},{"@type":"BreadcrumbList","@id":"https:\/\/www.juliamarkert.com\/de\/uber-mich\/#breadcrumb","itemListElement":[{"@type":"ListItem","position":1,"name":"Home","item":"http:\/\/www.juliamarkert.com\/de\/"},{"@type":"ListItem","position":2,"name":"\u00dcber mich"}]},{"@type":"WebSite","@id":"https:\/\/www.juliamarkert.com\/de\/#website","url":"https:\/\/www.juliamarkert.com\/de\/","name":"Julia Markert","description":"Traditional Antique&amp; Replica Frames","publisher":{"@id":"https:\/\/www.juliamarkert.com\/de\/#organization"},"potentialAction":[{"@type":"SearchAction","target":{"@type":"EntryPoint","urlTemplate":"https:\/\/www.juliamarkert.com\/de\/?s={search_term_string}"},"query-input":{"@type":"PropertyValueSpecification","valueRequired":true,"valueName":"search_term_string"}}],"inLanguage":"de"},{"@type":"Organization","@id":"https:\/\/www.juliamarkert.com\/de\/#organization","name":"Julia Markert","url":"https:\/\/www.juliamarkert.com\/de\/","logo":{"@type":"ImageObject","inLanguage":"de","@id":"https:\/\/www.juliamarkert.com\/de\/#\/schema\/logo\/image\/","url":"https:\/\/www.juliamarkert.com\/de\/wp-content\/uploads\/sites\/3\/2024\/03\/julia-markert-logo-verticale-bianco-colori.png","contentUrl":"https:\/\/www.juliamarkert.com\/de\/wp-content\/uploads\/sites\/3\/2024\/03\/julia-markert-logo-verticale-bianco-colori.png","width":943,"height":769,"caption":"Julia Markert"},"image":{"@id":"https:\/\/www.juliamarkert.com\/de\/#\/schema\/logo\/image\/"}}]}},"_links":{"self":[{"href":"https:\/\/www.juliamarkert.com\/de\/wp-json\/wp\/v2\/pages\/16","targetHints":{"allow":["GET"]}}],"collection":[{"href":"https:\/\/www.juliamarkert.com\/de\/wp-json\/wp\/v2\/pages"}],"about":[{"href":"https:\/\/www.juliamarkert.com\/de\/wp-json\/wp\/v2\/types\/page"}],"author":[{"embeddable":true,"href":"https:\/\/www.juliamarkert.com\/de\/wp-json\/wp\/v2\/users\/1"}],"replies":[{"embeddable":true,"href":"https:\/\/www.juliamarkert.com\/de\/wp-json\/wp\/v2\/comments?post=16"}],"version-history":[{"count":48,"href":"https:\/\/www.juliamarkert.com\/de\/wp-json\/wp\/v2\/pages\/16\/revisions"}],"predecessor-version":[{"id":2390,"href":"https:\/\/www.juliamarkert.com\/de\/wp-json\/wp\/v2\/pages\/16\/revisions\/2390"}],"wp:attachment":[{"href":"https:\/\/www.juliamarkert.com\/de\/wp-json\/wp\/v2\/media?parent=16"}],"curies":[{"name":"wp","href":"https:\/\/api.w.org\/{rel}","templated":true}]}}